{"id":11,"date":"2023-01-05T15:22:17","date_gmt":"2023-01-05T18:22:17","guid":{"rendered":"https:\/\/cecfacdd.org\/?page_id=11"},"modified":"2023-02-11T11:16:05","modified_gmt":"2023-02-11T14:16:05","slug":"quem-somos","status":"publish","type":"page","link":"https:\/\/cecfacdd.org\/index.php\/quem-somos\/","title":{"rendered":"Quem Somos"},"content":{"rendered":"\n<div class=\"wp-block-uagb-container uagb-block-ffff396a alignfull uagb-is-root-container\"><div class=\"uagb-container-inner-blocks-wrap\"><\/div><\/div>\n\n\n\n<div class=\"wp-block-uagb-advanced-heading uagb-block-96cb6624\"><h2 class=\"uagb-heading-text\"><strong>Nossa Hist\u00f3ria<\/strong><\/h2><div class=\"uagb-separator\"><\/div><\/div>\n\n\n\n<div class=\"wp-block-uagb-container uagb-block-0e7d6319 alignfull uagb-is-root-container\"><div class=\"uagb-container-inner-blocks-wrap\">\n<div class=\"wp-block-uagb-container uagb-block-2854a7b9\">\n<div class=\"wp-block-uagb-container uagb-block-10f24677\">\n<div class=\"wp-block-uagb-container uagb-block-dbcb70ec\">\n<p>A Institui\u00e7\u00e3o atualmente est\u00e1 instalada em um pr\u00e9dio da CEHAB, na Rua No\u00e9 n\u00ba 08 onde desenvolve atividades de promo\u00e7\u00e3o da qualidade de vida, constru\u00e7\u00e3o de conhecimentos, preserva\u00e7\u00e3o do meio ambiente, gera\u00e7\u00e3o de trabalho e renda, educa\u00e7\u00e3o de jovens e adultos, teatro e produ\u00e7\u00e3o cultural e a\u00e7\u00f5es voltadas para as quest\u00f5es de g\u00eanero. Institui\u00e7\u00e3o sem fins econ\u00f4micos, que desenvolve suas a\u00e7\u00f5es na perspectiva de contribuir para a autoestima de sua popula\u00e7\u00e3o, j\u00e1 que o estigma da remo\u00e7\u00e3o e da quebra das rela\u00e7\u00f5es sociais inibiu em muito a capacidade dos moradores em manifestarem as suas demandas.<br>Funciona na Comunidade Cidade de Deus em Rede de Coopera\u00e7\u00e3o com diversas ONGs, parceiros externos e volunt\u00e1rios.<\/p>\n<\/div>\n<\/div>\n<\/div>\n\n\n\n<div class=\"wp-block-uagb-container uagb-block-8b01bc39\">\n<figure class=\"wp-block-image size-large\"><img loading=\"lazy\" decoding=\"async\" width=\"1024\" height=\"768\" src=\"https:\/\/cecfacdd.org\/wp-content\/uploads\/2023\/01\/foto-cecfa-1024x768.jpg\" alt=\"\" class=\"wp-image-243\" srcset=\"https:\/\/cecfacdd.org\/wp-content\/uploads\/2023\/01\/foto-cecfa-1024x768.jpg 1024w, https:\/\/cecfacdd.org\/wp-content\/uploads\/2023\/01\/foto-cecfa-300x225.jpg 300w, https:\/\/cecfacdd.org\/wp-content\/uploads\/2023\/01\/foto-cecfa-768x576.jpg 768w, https:\/\/cecfacdd.org\/wp-content\/uploads\/2023\/01\/foto-cecfa-1536x1152.jpg 1536w, https:\/\/cecfacdd.org\/wp-content\/uploads\/2023\/01\/foto-cecfa.jpg 1600w\" sizes=\"auto, (max-width: 1024px) 100vw, 1024px\" \/><\/figure>\n<\/div>\n<\/div><\/div>\n\n\n\n<div class=\"wp-block-uagb-container uagb-block-e5643603 alignfull uagb-is-root-container\"><div class=\"uagb-container-inner-blocks-wrap\">\n<div class=\"wp-block-uagb-container uagb-block-0d3a47fe\">\n<div class=\"wp-block-uagb-advanced-heading uagb-block-17f85784\"><h3 class=\"uagb-heading-text\"><strong>Miss\u00e3o<\/strong><\/h3><p class=\"uagb-desc-text\">Oferece a comunidade servi\u00e7o e a\u00e7\u00f5es voltados ao desenvolvimentos integral das fam\u00edlias, crian\u00e7as e adolescentes.<\/p><\/div>\n<\/div>\n\n\n\n<div class=\"wp-block-uagb-container uagb-block-81a021ed\">\n<div class=\"wp-block-uagb-advanced-heading uagb-block-943f259d\"><h3 class=\"uagb-heading-text\"><strong>Vis\u00e3o Institucional<\/strong><\/h3><p class=\"uagb-desc-text\">Ser reconhecida como refer\u00eancia no apoio integral de crian\u00e7as, adolescentes e suas fam\u00edlias, em especial as mulheres chefe de de fam\u00edlia na Cidade De Deus.<\/p><\/div>\n<\/div>\n\n\n\n<div class=\"wp-block-uagb-container uagb-block-4cd4bbf2\">\n<div class=\"wp-block-uagb-advanced-heading uagb-block-0d1d9c40\"><h3 class=\"uagb-heading-text\"><strong>Valores<\/strong><\/h3><p class=\"uagb-desc-text\">Honestidade, comprometimento, humildade, amor no que faz, integridade, responsabilidade, uni\u00e3o, intera\u00e7\u00e3o com as institui\u00e7\u00f5es de base comunit\u00e1ria, transpar\u00eancia nas a\u00e7\u00f5es, prote\u00e7\u00e3o de jovens em vulnerabilidade social, socializa\u00e7\u00e3o, comunica\u00e7\u00e3o transparente e efetiva.<\/p><\/div>\n<\/div>\n\n\n\n<div class=\"wp-block-uagb-container uagb-block-7c8fdd9e\">\n<div class=\"wp-block-uagb-advanced-heading uagb-block-b547c24f\"><h3 class=\"uagb-heading-text\"><strong>P\u00fablico Alvo<\/strong><\/h3><p class=\"uagb-desc-text\">Fam\u00edlia, Crian\u00e7a, Comunidade Cidade de Deus, Jovens e Adolescentes.<\/p><\/div>\n<\/div>\n<\/div><\/div>\n\n\n\n<div class=\"wp-block-uagb-container uagb-block-21cd9fdb alignfull uagb-is-root-container\"><div class=\"uagb-container-inner-blocks-wrap\">\n<div class=\"wp-block-uagb-advanced-heading uagb-block-697e2291\"><h2 class=\"uagb-heading-text\"><strong>Nossa Equipe<\/strong><\/h2><\/div>\n\n\n\n<div class=\"wp-block-uagb-container uagb-block-f9ff36db\">\n<div class=\"wp-block-uagb-container uagb-block-0a771293\">\n<div class=\"wp-block-uagb-info-box uagb-block-1e81b2f1 uagb-infobox__content-wrap  uagb-infobox-icon-above-title uagb-infobox-image-valign-top\"><div class=\"uagb-ifb-content\"><div class=\"uagb-ifb-image-content\"><img decoding=\"async\" src=\"http:\/\/cecfacdd.org\/wp-content\/uploads\/2023\/01\/Ana-Lucia-150x150.jpg\" alt=\"\" width=\"150\" height=\"150\" loading=\"lazy\"\/><\/div><div class=\"uagb-ifb-title-wrap\"><h5 class=\"uagb-ifb-title\">Ana Lucia Pereira Serafim<\/h5><\/div><p class=\"uagb-ifb-desc\">Presidente<\/p><\/div><\/div>\n<\/div>\n\n\n\n<div class=\"wp-block-uagb-container uagb-block-7545768e\">\n<div class=\"wp-block-uagb-info-box uagb-block-b979528b uagb-infobox__content-wrap  uagb-infobox-icon-above-title uagb-infobox-image-valign-top\"><div class=\"uagb-ifb-content\"><div class=\"uagb-ifb-image-content\"><img decoding=\"async\" src=\"http:\/\/cecfacdd.org\/wp-content\/uploads\/2023\/01\/Funcionaria-150x150.jpg\" alt=\"\" width=\"150\" height=\"150\" loading=\"lazy\"\/><\/div><div class=\"uagb-ifb-title-wrap\"><h5 class=\"uagb-ifb-title\">Maria do Socorro Pimentel<\/h5><\/div><p class=\"uagb-ifb-desc\">Auxiliar Educativa<\/p><\/div><\/div>\n<\/div>\n\n\n\n<div class=\"wp-block-uagb-container uagb-block-1efee8e2\">\n<div class=\"wp-block-uagb-info-box uagb-block-3ba8a262 uagb-infobox__content-wrap  uagb-infobox-icon-above-title uagb-infobox-image-valign-top\"><div class=\"uagb-ifb-content\"><div class=\"uagb-ifb-image-content\"><img decoding=\"async\" src=\"http:\/\/cecfacdd.org\/wp-content\/uploads\/2023\/01\/andrea-150x150.jpg\" alt=\"\" width=\"150\" height=\"150\" loading=\"lazy\"\/><\/div><div class=\"uagb-ifb-title-wrap\"><h5 class=\"uagb-ifb-title\">Andrea Pereira Rodrigues<\/h5><\/div><p class=\"uagb-ifb-desc\">Coordenadora Financeira<\/p><\/div><\/div>\n<\/div>\n\n\n\n<div class=\"wp-block-uagb-container uagb-block-916f0368\">\n<div class=\"wp-block-uagb-info-box uagb-block-7e97972a uagb-infobox__content-wrap  uagb-infobox-icon-above-title uagb-infobox-image-valign-top\"><div class=\"uagb-ifb-content\"><div class=\"uagb-ifb-image-content\"><img decoding=\"async\" src=\"http:\/\/cecfacdd.org\/wp-content\/uploads\/2023\/01\/Karen-150x150.jpg\" alt=\"\" width=\"150\" height=\"150\" loading=\"lazy\"\/><\/div><div class=\"uagb-ifb-title-wrap\"><h5 class=\"uagb-ifb-title\">Karen Pereira Serafim<\/h5><\/div><p class=\"uagb-ifb-desc\">Coordenadora Administrativa<\/p><\/div><\/div>\n<\/div>\n<\/div>\n<\/div><\/div>\n\n\n\n<div class=\"wp-block-uagb-container uagb-block-3dd17941 alignfull uagb-is-root-container\"><div class=\"uagb-container-inner-blocks-wrap\">\n<div class=\"wp-block-uagb-container uagb-block-afa7cd8c\">\n<div class=\"wp-block-uagb-image uagb-block-cad87b11 wp-block-uagb-image--layout-default wp-block-uagb-image--effect-static wp-block-uagb-image--align-none\"><figure class=\"wp-block-uagb-image__figure\"><img decoding=\"async\" srcset=\"https:\/\/cecfacdd.org\/wp-content\/uploads\/2023\/01\/doacao.jpg \" src=\"https:\/\/cecfacdd.org\/wp-content\/uploads\/2023\/01\/doacao.jpg\" alt=\"\" class=\"uag-image-79\" width=\"\" height=\"\" title=\"\" loading=\"lazy\"\/><\/figure><\/div>\n<\/div>\n\n\n\n<div class=\"wp-block-uagb-container uagb-block-deb9f0b5\">\n<div class=\"wp-block-uagb-advanced-heading uagb-block-9ed45ca6\"><h2 class=\"uagb-heading-text\"><strong>Torne-se um doador!<\/strong><\/h2><p class=\"uagb-desc-text\">O PRIMEIRO PASSO PARA POTENCIALIZAR O SONHO DE UMA CRIAN\u00c7A \u00c9 ACREDITAR NELA MAS, PARA AL\u00c9M DISSO, \u00c9 FUNDAMENTAL OPORTUNIZAR ACESSO \u00c0 EDUCA\u00c7\u00c3O. JUNTE SE A N\u00d3S!<\/p><\/div>\n\n\n\n<div class=\"wp-block-buttons is-layout-flex wp-block-buttons-is-layout-flex\">\n<div class=\"wp-block-button\"><a class=\"wp-block-button__link has-background wp-element-button\" href=\"https:\/\/www.vakinha.com.br\/3405095\" style=\"background-color:#f29d52\" target=\"_blank\" rel=\"noreferrer noopener\"><strong>Clique para Doar!<\/strong><\/a><\/div>\n<\/div>\n\n\n\n<div class=\"wp-block-uagb-container uagb-block-7e51e821\">\n<p><strong>Outras formas de doar:<\/strong><br>Banco Cora SCD &#8211; 403<br>Ag\u00eancia 0001<br>Conta 1979339-8<br>____________________________________________________<br>Pix &#8211; 02.606.922\/0001-72<br>CECFA &#8211; Centro Educacional Crian\u00e7a Futuro e Adolesc\u00eancia<br>____________________________________________________<br>Caixa econ\u00f4mica<br>Ag 1024<br>OP 013<br>Conta\u00a032321-2<\/p>\n<\/div>\n<\/div>\n<\/div><\/div>\n","protected":false},"excerpt":{"rendered":"<p>Nossa Hist\u00f3ria A Institui\u00e7\u00e3o atualmente est\u00e1 instalada em um pr\u00e9dio da CEHAB, na Rua No\u00e9 n\u00ba 08 onde desenvolve atividades de promo\u00e7\u00e3o da qualidade de vida, constru\u00e7\u00e3o de conhecimentos, preserva\u00e7\u00e3o do meio ambiente, gera\u00e7\u00e3o de trabalho e renda, educa\u00e7\u00e3o de jovens e adultos, teatro e produ\u00e7\u00e3o cultural e a\u00e7\u00f5es voltadas para as quest\u00f5es de g\u00eanero. [&hellip;]<\/p>\n","protected":false},"author":1,"featured_media":0,"parent":0,"menu_order":0,"comment_status":"closed","ping_status":"closed","template":"","meta":{"inline_featured_image":false,"_uag_custom_page_level_css":"","site-sidebar-layout":"default","site-content-layout":"","ast-site-content-layout":"default","site-content-style":"default","site-sidebar-style":"default","ast-global-header-display":"","ast-banner-title-visibility":"","ast-main-header-display":"","ast-hfb-above-header-display":"","ast-hfb-below-header-display":"","ast-hfb-mobile-header-display":"","site-post-title":"disabled","ast-breadcrumbs-content":"","ast-featured-img":"","footer-sml-layout":"","ast-disable-related-posts":"","theme-transparent-header-meta":"","adv-header-id-meta":"","stick-header-meta":"","header-above-stick-meta":"","header-main-stick-meta":"","header-below-stick-meta":"","astra-migrate-meta-layouts":"default","ast-page-background-enabled":"default","ast-page-background-meta":{"desktop":{"background-color":"var(--ast-global-color-4)","background-image":"","background-repeat":"repeat","background-position":"center center","background-size":"auto","background-attachment":"scroll","background-type":"","background-media":"","overlay-type":"","overlay-color":"","overlay-opacity":"","overlay-gradient":""},"tablet":{"background-color":"","background-image":"","background-repeat":"repeat","background-position":"center center","background-size":"auto","background-attachment":"scroll","background-type":"","background-media":"","overlay-type":"","overlay-color":"","overlay-opacity":"","overlay-gradient":""},"mobile":{"background-color":"","background-image":"","background-repeat":"repeat","background-position":"center center","background-size":"auto","background-attachment":"scroll","background-type":"","background-media":"","overlay-type":"","overlay-color":"","overlay-opacity":"","overlay-gradient":""}},"ast-content-background-meta":{"desktop":{"background-color":"var(--ast-global-color-5)","background-image":"","background-repeat":"repeat","background-position":"center center","background-size":"auto","background-attachment":"scroll","background-type":"","background-media":"","overlay-type":"","overlay-color":"","overlay-opacity":"","overlay-gradient":""},"tablet":{"background-color":"var(--ast-global-color-5)","background-image":"","background-repeat":"repeat","background-position":"center center","background-size":"auto","background-attachment":"scroll","background-type":"","background-media":"","overlay-type":"","overlay-color":"","overlay-opacity":"","overlay-gradient":""},"mobile":{"background-color":"var(--ast-global-color-5)","background-image":"","background-repeat":"repeat","background-position":"center center","background-size":"auto","background-attachment":"scroll","background-type":"","background-media":"","overlay-type":"","overlay-color":"","overlay-opacity":"","overlay-gradient":""}},"footnotes":""},"class_list":["post-11","page","type-page","status-publish","hentry"],"uagb_featured_image_src":{"full":false,"thumbnail":false,"medium":false,"medium_large":false,"large":false,"1536x1536":false,"2048x2048":false},"uagb_author_info":{"display_name":"cecfa2019@gmail.com","author_link":"https:\/\/cecfacdd.org\/index.php\/author\/cecfa2019gmail-com\/"},"uagb_comment_info":0,"uagb_excerpt":"Nossa Hist\u00f3ria A Institui\u00e7\u00e3o atualmente est\u00e1 instalada em um pr\u00e9dio da CEHAB, na Rua No\u00e9 n\u00ba 08 onde desenvolve atividades de promo\u00e7\u00e3o da qualidade de vida, constru\u00e7\u00e3o de conhecimentos, preserva\u00e7\u00e3o do meio ambiente, gera\u00e7\u00e3o de trabalho e renda, educa\u00e7\u00e3o de jovens e adultos, teatro e produ\u00e7\u00e3o cultural e a\u00e7\u00f5es voltadas para as quest\u00f5es de g\u00eanero.&hellip;","_links":{"self":[{"href":"https:\/\/cecfacdd.org\/index.php\/wp-json\/wp\/v2\/pages\/11","targetHints":{"allow":["GET"]}}],"collection":[{"href":"https:\/\/cecfacdd.org\/index.php\/wp-json\/wp\/v2\/pages"}],"about":[{"href":"https:\/\/cecfacdd.org\/index.php\/wp-json\/wp\/v2\/types\/page"}],"author":[{"embeddable":true,"href":"https:\/\/cecfacdd.org\/index.php\/wp-json\/wp\/v2\/users\/1"}],"replies":[{"embeddable":true,"href":"https:\/\/cecfacdd.org\/index.php\/wp-json\/wp\/v2\/comments?post=11"}],"version-history":[{"count":13,"href":"https:\/\/cecfacdd.org\/index.php\/wp-json\/wp\/v2\/pages\/11\/revisions"}],"predecessor-version":[{"id":251,"href":"https:\/\/cecfacdd.org\/index.php\/wp-json\/wp\/v2\/pages\/11\/revisions\/251"}],"wp:attachment":[{"href":"https:\/\/cecfacdd.org\/index.php\/wp-json\/wp\/v2\/media?parent=11"}],"curies":[{"name":"wp","href":"https:\/\/api.w.org\/{rel}","templated":true}]}}